{"id":2,"date":"2018-06-28T16:57:46","date_gmt":"2018-06-28T19:57:46","guid":{"rendered":"https:\/\/helenateixeirarios.com\/blog\/?page_id=2"},"modified":"2021-05-29T09:06:28","modified_gmt":"2021-05-29T12:06:28","slug":"sobre-helena-teixeira-rios","status":"publish","type":"page","link":"https:\/\/helenateixeirarios.com\/blog\/sobre-helena-teixeira-rios\/","title":{"rendered":"Helena Teixeira Rios"},"content":{"rendered":"<h2>Helena Teixeira Rios<\/h2>\n<p>Helena Teixeira Rios formou em Arquitetura e Urbanismo em Belo Horizonte, Minas Gerais. Fez m\u00e1ster na Universidad Polit\u00e9cnica de Catalunia em Barcelona, Espanha. Trabalhou como designer de m\u00f3veis, fundando a loja Casa Design Brasileiro, quando fabricou e exportou m\u00f3veis para diversos pa\u00edses, at\u00e9 o ano de 2011.<br \/>\nEm 2012 inicia a trabalhar com Fotografia e Arte, al\u00e9m da arquitetura, tendo como objetivo a elabora\u00e7\u00e3o de ensaios fotogr\u00e1ficos. Realiza o Curso Completo de Fotografia na Escola de Imagem, o concluindo em set\/2014. Realiza PDP em Fotografia, Arte e Cultura na Puc Minas em julho\/2015 e forma em p\u00f3s gradua\u00e7\u00e3o Lacto sensu em Processos Criativos em Palavra e Imagem na Puc Minas em agosto\/2017.<\/p>\n<p><strong>Individual:\u00a0<\/strong><br \/>\n\uf0a7 2019\/08. Exposi\u00e7\u00e3o individual: Pa\u00eds Denso: Velaturas. Funarte-MG \u2013 Pr\u00eamio Edital Paralelos Artes Visuais Funarte \u2013 Belo Horizonte &#8211; MG;<\/p>\n<p><strong>Coletivas:<\/strong><br \/>\n\uf0a7 2020\/12. Mostra Treze &#8211; Espai atelier &#8211; expo online;<br \/>\n\uf0a7 2020\/03. Selecionada para participar da exposi\u00e7\u00e3o coletiva \u201cConstru\u00e7\u00e3o de Identidades\u201d no 10 Festival de Fotografia, Foto em Pauta (evento adiado devido ao Coronav\u00edrus)- Tiradentes- MG;<br \/>\n\uf0a7 2019\/03. Expo Sil\u00eancio \u2013 Centro Cultural da UFMG \u2013 Expo conjunta (instala\u00e7\u00e3o). Curadoria Fabr\u00edcio Fernandino;<br \/>\n\uf0a7 2017\/03. Expo V\u00e3o Coletivo \u2013 Di\u00e1rio do Com\u00e9rcio \u2013 Expo conjunta de fotografia com Carol Gandra e Maria Vaz- BH &#8211; MG;<br \/>\n\uf0a7 2015\/08. Cultura e Liberdade \u2013 P\u00e1tio de Conviv\u00eancia do Centro Cultural do Banco do Brasil\u2013 Exposi\u00e7\u00e3o conjunta de fotografia a sob coordena\u00e7\u00e3o do professor e fot\u00f3grafo Guto Muniz\u2013 Belo Horizonte \u2013 MG;<br \/>\n\uf0a7 2005. Ano Brasil na Fran\u00e7a \u2013 Convidada para expo conjunta de m\u00f3veis e objetos, Galerie Lafayette &#8211; Paris, Fran\u00e7a;<br \/>\n\uf0a7 2003\/12. Artistas de Todas as Cores e Teimas \u2013Exposi\u00e7\u00e3o de objetos em conjunto com Aquiles, Cristina Penna, Erly Fantini, Fernando Lucchesi, Fernando Velloso, Ganso, Laila Assef, Marcos Coelho Benjamin, M\u00e1ssimo Soalheiro, N\u00edcia Braga, Paulo Leander, Rosa Ferrari &#8211; Belo Horizonte \u2013 MG;<br \/>\n\uf0a7 2001\/07. Apreens\u00e3o Manual, Exposi\u00e7\u00e3o de objetos com diversos arquitetos: Alexandre Mascarenhas, Ana Sallum, Angela Rold\u00e3o, Dante Lapertosa e Jos\u00e9 Alberto, Daphne Valladares e Fl\u00e1vio Kaukal, Eduardo Lamassa, Erli Fantini, Fernando Hermanny, Fl\u00e1via e Jaqueline Frauches, Gustavo Penna, Izabela Vecci, Jo\u00e3o Diniz, Maria Jos\u00e9 Can\u00eado, N\u00edcia Braga, Ganso, Paulo Luso, Regina Medeiros e Sandra Penna. Expo realizada atrav\u00e9s da Lei de Incentivo \u00e0 Cultura com idealiza\u00e7\u00e3o de Helena Rios\u2013 Casa Design \u2013 BH \u2013 MG;<br \/>\n\uf0a7 2000\/10. Brasil Design 500 anos. Artista selecionada: o melhor do design nacional, Pinacoteca de S\u00e3o Paulo \u2013 SP;<br \/>\n\uf0a7 1999\/06. In-utens\u00edlios \u2013Exposi\u00e7\u00e3o de m\u00f3veis em conjunto com Amilcar de Castro, Jorge dos Anjos, Pedro de Castro, Erli Fantini, Benedikt Wirtz, Freusa Zeuchmeister, Gustavo Penna, J\u00f4 Vasconcellos, Alvaro Hardy, dentre outros. Realizada atrav\u00e9s da Lei de Incentivo \u00e0 Cultura com idealiza\u00e7\u00e3o de Helena e Carlos Teixeira\u2013 Grande Galeria do Pal\u00e1cio das Artes \u2013 Belo Horizonte \u2013 MG;<br \/>\n\uf0a7 1999\/04\u2013 In-Utens\u00edlios, Curadoria de Eolo Maia, Exposi\u00e7\u00e3o de m\u00f3veis em conjunto com Amilcar de Castro, Jorge dos Anjos, Pedro de Castro, Erli Fantini, Benedikt Wirtz, Freusa Zeuchmeister, Gustavo Penna, J\u00f4 Vasconcellos, Alvaro Hardy, dentre outros. Realizada atrav\u00e9s da Lei de Incentivo \u00e0 Cultura com idealiza\u00e7\u00e3o de Helena e Carlos Teixeira\u2013 Museu da Casa Brasileira \u2013 S\u00e3o Paulo \u2013 SP;<br \/>\n\uf0a7 1996\/09. Exposi\u00e7\u00e3o de m\u00f3veis com design exclusivo juntamente com Carlos Teixeira, Pace Arte Galeria, Belo Horizonte \u2013 MG;<\/p>\n<p><strong>Livro, Publica\u00e7\u00f5es e Concursos:<\/strong><br \/>\n\uf0a7 2020\/11. Medalha de bronze na categoria foto editada\/montagem no Festival Internacional Bras\u00edlia Photo Show &#8211; publicado livro<br \/>\n\uf0a7 2020\/10. Livro \u201cVelaturas\u201d selecionado (short list) Photovisa Bienal Internacional de Fotografia sediado na R\u00fassia<br \/>\n\uf0a7 2020\/07. Pr\u00eamio Metropolitano de Arquitetura, 1 lugar na categoria comercial corporativo, nacional, projeto CBM + BMPI.Projeto realizado em parceria com vazio s\/a<br \/>\n\uf0a7 2020\/06. Selecionada para expo CADAF, &#8211; Nova Iorque (realizada online devido ao coronavirus);<br \/>\n\uf0a7 2019\/10. Fotolivro: \u201cVelaturas\u201d selecionado no Festival ZUM do Instituto Moreira Salles<br \/>\n\uf0a7 2019\/08. Lan\u00e7amento do livro: Velaturas. Editora: Fot\u00f4. Curadoria: Eder Chiodetto e Fabiana Bruno. Funarte-MG e SP Foto<br \/>\n\uf0a7 2018\/10. Selecionada Edital Paralelos Artes Visuais Funarte \u2013 BH &#8211; MG<br \/>\n\uf0a7 2017\/01. Revista Fotografe Melhor n.244 \u2013 Convidada pelo diretor de Reda\u00e7\u00e3o S\u00e9rgio Branco, para participar da revista com ensaio \u201cDiante do Invis\u00edvel\u201d \u2013 edi\u00e7\u00e3o janeiro, (ensaio pr\u00e9-selecionado Paraty em Foco);<br \/>\n\uf0a7 2016\/09. Revista online ARTiculAtion \u2013 Ganha concurso para participar da revista online internacional: https:\/\/issuu.com\/articulaction\/docs\/articulaction_art_review_- _special__f5b4026989e560;<br \/>\n\uf0a7 2016\/03. Revista Online Ensaio Fotogr\u00e1fico \u2013 2 edi\u00e7\u00e3o \u2013 Ganha concurso para participar da revista, sendo publicado o trabalho \u201cDiante do Invis\u00edvel\u201d, sob curadoria de Fl\u00e1vio Valle, Tib\u00e9rio Fran\u00e7a e Isabel Flor\u00eancio \u2013 www. revistaensaiofotografico.com \u2013 lan\u00e7amento no Festival de Fotografia de Tiradentes-MG;<br \/>\n\uf0a7 2016. Linus Galleries \u2013 Ganha concurso: Art &amp; the Senses\u2013 Online exhibition: http:\/\/linusgallery.com\/art-gallery\/rios-los-angeles-art-galleries-juried-art-exhibition\/\u2013 Los Angeles, USA<br \/>\n\uf0a7 2015\/08. Revista Online Ensaio Fotogr\u00e1fico-Ganha concurso para participar da revista, sendo publicado o trabalho \u201cEste Novo Lugar\u201d, sob curadoria de Fl\u00e1vio Valle, Tib\u00e9rio Fran\u00e7a e Isabel Flor\u00eancio \u2013 www.revistaensaiofotografico.com \u2013 lan\u00e7amento na III semana da fotografia\u2013 1 edi\u00e7\u00e3o \u2013 Belo Horizonte;<\/p>\n<p><strong>Apresenta\u00e7\u00e3o de Portf\u00f3lio por concurso:<\/strong><br \/>\n\uf0a7 2019\/10. Selecionada para participa\u00e7\u00e3o do Portf\u00f3lio Review Imago, apresenta\u00e7\u00e3o de portf\u00f3lio para os curadores: Juan Curto (Espanha), Amelie Schule (Holanda), Ana Matos (Portugal), Jens Friis (Dinamarca), Paula Rouch (Inglaterra), Ana Tellgren (Estocolmo)- Lisboa, Portugal;<br \/>\n\uf0a7 2018\/03. Convocat\u00f3ria Portf\u00f3lio Foto em Pauta \u2013 Selecionada para apresenta\u00e7\u00e3o do Portf\u00f3lio \u2013 Festival de Fotografia de Tiradentes &#8211; MG;<br \/>\n\uf0a7 2017\/03. Convocat\u00f3ria Portf\u00f3lio Foto em Pauta \u2013 Selecionada para apresenta\u00e7\u00e3o do Portf\u00f3lio \u2013 Festival de Fotografia de Tiradentes &#8211; MG;<\/p>\n<p><strong>Resid\u00eancias:<\/strong><br \/>\n\uf0a7 2016\/04. Resid\u00eancia Scott Macleay \u2013 Florian\u00f3polis;&lt;\/p&gt;<\/p>\n<p><strong>Pr\u00e9 sele\u00e7\u00f5es:\u00a0<\/strong><br \/>\n\uf0a7 2020\/09. Pr\u00e9-selecionada Convocat\u00f3ria Foto em Pauta \u2013 Ensaio \u201cImperman\u00eancia\u201d \u2013 Festival de Fotografia de Paraty, RJ;<br \/>\n\uf0a7 2020\/09. Fotolivro \u201cVelaturas\u201d pr\u00e9-selecionado Maribor Photo Award, sediado na Eslov\u00eania<br \/>\n\uf0a7 2019\/06. Pr\u00e9-selecionada Convocat\u00f3ria Foto em Pauta \u2013 Ensaio \u201cQu\u00e9 pasa?\u201d e ensaio \u201cVelaturas\u201d \u2013 Festival de Fotografia de Paraty, RJ;<br \/>\n\uf0a7 2017\/06. Pr\u00e9-selecionada Convocat\u00f3ria Foto em Pauta \u2013 Ensaio \u201cEla\u201d e ensaio \u201cA Aus\u00eancia da Presen\u00e7a\u201d \u2013 Festival de Fotografia de Paraty, RJ;<br \/>\n\uf0a7 2016\/05. Pr\u00e9-selecionada Convocat\u00f3ria Foto em Pauta \u2013 Ensaio \u201cDiante do Invis\u00edvel\u201d \u2013 Festival de Fotografia de Paraty, RJ;<\/p>\n<p>&nbsp;<\/p>\n<p><strong>ENGLISH:<\/strong><\/p>\n<p>Helena Teixeira Rios is graduated in Archictecture and Urbanism and did her Master`s degree at the Universidad Politecnica de Catalunia, in Barcelona, Spain. She worked and ran her own archictecture office. Later she opened the Casa Design Brasileiro selling different and creative furniture. She went on to open her own furniture business designing, making and selling her pieces. Her innovative pieces of furniture were resold in many cities and exported to Europe and the United States. She began working with photography and art in 2012, beyond architecture, aiming at the elaboration of photo essays and make a PDP in photography, art and culture in 2015, and and make post graduation in Creative Processes in word and images in 2017.<\/p>\n<p><strong>Individual Exhibitions:<\/strong><br \/>\n\uf0a7 2019\/08. Individual Exhibition: Pa\u00eds Denso: Velaturas. Funarte-MG;<\/p>\n<p><strong>Collective Exhibitions:<\/strong><br \/>\n\uf0a7 2020\/12. Thirteen Expo &#8211; Espai atelier &#8211; expo online;<br \/>\n\uf0a7 2020\/06. Selected expo CADAF online, New York;<br \/>\n\uf0a7 2020\/03. Selected collective expo: \u201cIdentity Constructions\u201d, 10 Photography Festival: Tiradentes, Foto em Pauta (delayed: coronavirus);<br \/>\n\uf0a7 2019\/03. Expo Silence \u2013UFMG Cultural Center (Federal University\/installation). Curator: Fabr\u00edcio Fernandino;<br \/>\n\uf0a7 2018\/10. Winner \u201cEdital Paralelos Artes Visuais Funarte\u201d (Nacional Art Foundation)<br \/>\n\uf0a7 2017\/03. Expo &#8220;V\u00e3o Coletivo&#8221; \u2013 Di\u00e1rio do Com\u00e9rcio \u2013 Collective Photography expo;<br \/>\n\uf0a7 2016. Linus Galleries &#8211; Art &amp; the Senses &#8211; Los Angeles &#8211; Online exhibition:http:\/\/linusgallery.com\/art-gallery\/rios-los-angeles-art-galleries-juried-art-exhibition;<br \/>\n\uf0a7 2015\/08 P\u00e1tio de Conviv\u00eancia do Centro Cultural do Banco do Brasil \u2013 collective Photo expo &#8211; Belo Horizonte &#8211; MG &#8211; Brasil<br \/>\n\uf0a7 2005. Year Brazil in France &#8211; Galerie Lafayette &#8211; Furniture and object expo &#8211; Paris &#8211; France;<br \/>\n\uf0a7 2003\/12. Artistas de todas as Cores e Teimas &#8211; collective object expo &#8211; Belo Horizonte &#8211; MG;<br \/>\n\uf0a7 2001\/07. Apreens\u00e3o Manual &#8211; Casa Design &#8211; collective object expo &#8211; Belo Horizonte &#8211; MG;<br \/>\n\uf0a7 1999\/06. In utens\u00edlios &#8211; Grande Galeria do Pal\u00e1cio das Artes &#8211; collective Furniture Expo &#8211; Belo Horizonte &#8211; MG &#8211; Brasil;<br \/>\n\uf0a7 1999\/04. In utens\u00edlios &#8211; Museu da Casa Brasileira &#8211; collective Furniture Expo &#8211; S\u00e3o Paulo &#8211; SP- Brasil;<br \/>\n\uf0a7 1996\/09. Pace Art Gallery Furniture Expo with Carlos Teixeira &#8211; Belo Horizonte &#8211; MG \u2013 Brasil;<\/p>\n<p><strong>Books, Publications and Contests:\u00a0 \u00a0<\/strong> \u00a0 \u00a0 \u00a0 \u00a0 \u00a0 \u00a0 \u00a0 \u00a0 \u00a0 \u00a0 \u00a0 \u00a0 \u00a0 \u00a0 \u00a0 \u00a0 \u00a0 \u00a0 \u00a0 \u00a0 \u00a0 \u00a0 \u00a0 \u00a0 \u00a0 \u00a0 \u00a0 \u00a0 \u00a0 \u00a0 \u00a0 \u00a0 \u00a0 \u00a0 \u00a0 \u00a0 \u00a0 \u00a0 \u00a0 \u00a0 \u00a0 \u00a0 \u00a0 \u00a0 \u00a0 \u00a0 \u00a0 \u00a0 \u00a0 \u00a0 \u00a0 \u00a0 \u00a0 \u00a0 \u00a0 \u00a0 \u00a0 \u00a0 \u00a0 \u00a0 \u00a0 \u00a0 \u00a0 \u00a0 \u00a0 \u00a0 \u00a0 \u00a0 \u00a0 \u00a0 \u00a0 \u00a0 \u00a0 \u00a0 \u00a0 \u00a0 \u00a0 \u00a0 \u00a0 \u00a0 \u00a0 \u00a0 \u00a0 \u00a0 \u00a0 \u00a0 \u00a0 \u00a0 \u00a0 \u00a0 \u00a0 \u00a0 \u00a0 \u00a0 \u00a0 \u00a0 \u00a0 \u00a0 \u00a0 \u00a0 \u00a0 \u00a0 \u00a0 \u00a0 \u00a0 \u00a0 \u00a0 \u00a0 \u00a0 \u00a0 \u00a0 \u00a0 \u00a0 \u00a0 \u00a0 \u00a0 \u00a0 \u00a0 \u00a0 \u00a0 \u00a0 \u00a0 \u00a0 \u00a0 \u00a0 \u00a0 \u00a0 \u00a0 \u00a0 \u00a0 \u00a0 \u00a0 \u00a0 \u00a0 \u00a0 \u00a0 \u00a0 \u00a0 \u00a0 \u00a0 \u00a0 \u00a0 \u00a0 \u00a0 \u00a0 \u00a0 \u00a0 \u00a0 \u00a0 \u00a0 \u00a0 \u00a0 \u00a0 \u00a0 \u00a0 \u00a0 \u00a0 \u00a0 \u00a0 \u00a0 \uf0a7 2020\/11. Bronze medal in the edited photo\/montage category at the Bras\u00edlia International Photo Show Festival &#8211; published book<br \/>\n\uf0a7 2020\/10. Book &#8220;Velaturas&#8221; selected (short list) Photovisa International Biennial of Photography based in Russia,;<br \/>\n\uf0a7 2020\/07. Metropolitan Architecture Award, first place corporate commercial category, national, CBM + BMPI project. vAZIO S\/A partner;<br \/>\n\uf0a7 2019\/08. Photobook launch: &#8220;Velaturas&#8221;. Publishing Company: Fot\u00f4. Curator: Eder Chiodetto and Fabiana Bruno;<br \/>\n\uf0a7 2019\/10. Photobook: \u201cVelaturas\u201d sellected: Festival ZUM Instituto Moreira Salles;<br \/>\n\uf0a7 2017\/01. Fotografe Melhor Magazine n.244 \u2013 Invited by the director S\u00e9rgio Branco to participate in the magazine presenting the essay \u201cBefore the Invisible\u201d \u2013 january edition;<br \/>\n\uf0a7 2016\/11. ARTiculAtion \u2013 International online magazine;<br \/>\n\uf0a7 2016\/03. online magazine Ensaio Fotogr\u00e1fico, Winner of the Photo competition: essay \u201cBefore the invisible\u201d: \u201chttps:\/\/issuu.com\/ensaiofotografico\/docs\/revista_ensaio_fotografico_2a_edi_\u201d&gt;https:\/\/issuu.com\/ensaiofotografico\/docs\/revista_ensaio_fotografico_2a_edition;<br \/>\n\uf0a7 2015\/08. Online online magazine Ensaio Fotogr\u00e1fico, Winner of the Photo competition: \u201cThis new place\u201d https:\/\/issuu.com\/ensaiofotografico\/docs\/revista_ensaio_fotografico_1a_edi_\u201d&gt;https:\/\/issuu.com\/ensaiofotografico\/docs\/revista_ensaio_fotografico_1a_edition;<\/p>\n<p><strong>Portfolio Review:<\/strong><br \/>\n\uf0a7 2019\/10. Participation Portfolio Review at Imago Photo Festival, Lisboa, Portugal. Individual presentation to curators: Juan Curto (Spain), Amelie Schule (Holland), Ana Matos (Portugal), Jens Friis (Denmark), Paula Rouch (United Kingdon), Ana Tellgren (Stockholm);<br \/>\n\uf0a7 2018\/03. Portfolio Call \u201cFoto em Pauta\u201d \u2013 Winner Portfolio Call- Collective Portfolio Presentation &#8211; Tiradentes Photography Festival;<br \/>\n\uf0a7 2017\/03. Portfolio Call \u201cFoto em Pauta\u201d \u2013 Winner Portfolio Call &#8211; Collective Portlio Presentation -Tiradentes Photography Festival;<\/p>\n<p><strong>Artistic Residence:<\/strong><br \/>\n\uf0a7 2016\/04. Scott Macleay residence &#8211; Florian\u00f3polis- SC<\/p>\n<p><strong>Pre sellected:<\/strong><br \/>\n\uf0a7 2020\/09. Pr\u00e9-sellected &#8220;Foto em Pauta&#8221; Call \u2013 essay \u201cImpermanent\u201d Paraty&#8217;s Photography Festival, RJ<br \/>\n\uf0a7 2020\/09. Photobook \u201cVelaturas\u201d pre-selected Maribor Photo Award, Slovenia<br \/>\n\uf0a7 2019\/06. Pr\u00e9-sellected &#8220;Foto em Pauta&#8221; Call \u2013 essay \u201cQu\u00e9 pasa?\u201d and essay \u201cVelaturas\u201d \u2013 Paraty&#8217;s Photography Festival, RJ<br \/>\n\uf0a7 2017\/06; &#8220;Foto em Pauta&#8221; Call \u2013 Essay \u201cShe\u201d \u2013 Photography Festival Paraty;<br \/>\n\uf0a7 2017\/06. &#8220;Foto em Pauta&#8221; Call \u2013 Essay \u201cA Aus\u00eancia da Presen\u00e7a\u201d \u2013 Paraty&#8217;s Photography Festival, RJ;\uf0a7 2016\/05. &#8220;Foto em Pauta&#8221; Call \u2013 Essay \u201cBefore The Invisible\u201d \u2013 Paraty&#8217;s Photography Festival, RJ<\/p>\n","protected":false},"excerpt":{"rendered":"<p>Helena Teixeira Rios Helena Teixeira Rios formou em Arquitetura e Urbanismo em Belo Horizonte, Minas Gerais. Fez m\u00e1ster na Universidad Polit\u00e9cnica de Catalunia em Barcelona, Espanha. Trabalhou como designer de m\u00f3veis, fundando a loja Casa Design Brasileiro, quando fabricou e&hellip; <a href=\"https:\/\/helenateixeirarios.com\/blog\/sobre-helena-teixeira-rios\/\" class=\"more-link\">Continue Reading <span class=\"meta-nav\">&rarr;<\/span><\/a><\/p>\n","protected":false},"author":1,"featured_media":0,"parent":0,"menu_order":0,"comment_status":"closed","ping_status":"closed","template":"","meta":{"_exactmetrics_skip_tracking":false,"_exactmetrics_sitenote_active":false,"_exactmetrics_sitenote_note":"","_exactmetrics_sitenote_category":0,"footnotes":""},"class_list":["post-2","page","type-page","status-publish","hentry"],"yoast_head":"<!-- This site is optimized with the Yoast SEO Premium plugin v24.0 (Yoast SEO v26.8) - https:\/\/yoast.com\/product\/yoast-seo-premium-wordpress\/ -->\n<title>Helena Teixeira Rios - blog da Helena Rios<\/title>\n<meta name=\"description\" content=\"Conhe\u00e7a a hist\u00f3ria de Helena Teixeira Rios, trabalha com arte e arquitetura. Elabora trabalhos fotogr\u00e1ficos com foco na arte e exp\u00f5e em seu blog artigos e coment\u00e1rios sobre arte, arquitetura, artistas, recomenda\u00e7\u00e3o de exposi\u00e7\u00f5es, livros e filmes.\" \/>\n<meta name=\"robots\" content=\"index, follow, max-snippet:-1, max-image-preview:large, max-video-preview:-1\" \/>\n<link rel=\"canonical\" href=\"https:\/\/helenateixeirarios.com\/blog\/sobre-helena-teixeira-rios\/\" \/>\n<meta property=\"og:locale\" content=\"pt_BR\" \/>\n<meta property=\"og:type\" content=\"article\" \/>\n<meta property=\"og:title\" content=\"Helena Teixeira Rios\" \/>\n<meta property=\"og:description\" content=\"Conhe\u00e7a a hist\u00f3ria de Helena Teixeira Rios, trabalha com arte e arquitetura. Elabora trabalhos fotogr\u00e1ficos com foco na arte e exp\u00f5e em seu blog artigos e coment\u00e1rios sobre arte, arquitetura, artistas, recomenda\u00e7\u00e3o de exposi\u00e7\u00f5es, livros e filmes.\" \/>\n<meta property=\"og:url\" content=\"https:\/\/helenateixeirarios.com\/blog\/sobre-helena-teixeira-rios\/\" \/>\n<meta property=\"og:site_name\" content=\"blog da Helena Rios\" \/>\n<meta property=\"article:publisher\" content=\"https:\/\/www.facebook.com\/helena.teixeirarios\" \/>\n<meta property=\"article:modified_time\" content=\"2021-05-29T12:06:28+00:00\" \/>\n<meta name=\"twitter:card\" content=\"summary_large_image\" \/>\n<meta name=\"twitter:label1\" content=\"Est. tempo de leitura\" \/>\n\t<meta name=\"twitter:data1\" content=\"8 minutos\" \/>\n<script type=\"application\/ld+json\" class=\"yoast-schema-graph\">{\"@context\":\"https:\/\/schema.org\",\"@graph\":[{\"@type\":\"WebPage\",\"@id\":\"https:\/\/helenateixeirarios.com\/blog\/sobre-helena-teixeira-rios\/\",\"url\":\"https:\/\/helenateixeirarios.com\/blog\/sobre-helena-teixeira-rios\/\",\"name\":\"Helena Teixeira Rios - blog da Helena Rios\",\"isPartOf\":{\"@id\":\"https:\/\/helenateixeirarios.com\/blog\/#website\"},\"datePublished\":\"2018-06-28T19:57:46+00:00\",\"dateModified\":\"2021-05-29T12:06:28+00:00\",\"description\":\"Conhe\u00e7a a hist\u00f3ria de Helena Teixeira Rios, trabalha com arte e arquitetura. Elabora trabalhos fotogr\u00e1ficos com foco na arte e exp\u00f5e em seu blog artigos e coment\u00e1rios sobre arte, arquitetura, artistas, recomenda\u00e7\u00e3o de exposi\u00e7\u00f5es, livros e filmes.\",\"breadcrumb\":{\"@id\":\"https:\/\/helenateixeirarios.com\/blog\/sobre-helena-teixeira-rios\/#breadcrumb\"},\"inLanguage\":\"pt-BR\",\"potentialAction\":[{\"@type\":\"ReadAction\",\"target\":[\"https:\/\/helenateixeirarios.com\/blog\/sobre-helena-teixeira-rios\/\"]}]},{\"@type\":\"BreadcrumbList\",\"@id\":\"https:\/\/helenateixeirarios.com\/blog\/sobre-helena-teixeira-rios\/#breadcrumb\",\"itemListElement\":[{\"@type\":\"ListItem\",\"position\":1,\"name\":\"In\u00edcio\",\"item\":\"https:\/\/helenateixeirarios.com\/blog\/\"},{\"@type\":\"ListItem\",\"position\":2,\"name\":\"Helena Teixeira Rios\"}]},{\"@type\":\"WebSite\",\"@id\":\"https:\/\/helenateixeirarios.com\/blog\/#website\",\"url\":\"https:\/\/helenateixeirarios.com\/blog\/\",\"name\":\"Blog da Helena Rios\",\"description\":\"\",\"potentialAction\":[{\"@type\":\"SearchAction\",\"target\":{\"@type\":\"EntryPoint\",\"urlTemplate\":\"https:\/\/helenateixeirarios.com\/blog\/?s={search_term_string}\"},\"query-input\":{\"@type\":\"PropertyValueSpecification\",\"valueRequired\":true,\"valueName\":\"search_term_string\"}}],\"inLanguage\":\"pt-BR\"}]}<\/script>\n<!-- \/ Yoast SEO Premium plugin. -->","yoast_head_json":{"title":"Helena Teixeira Rios - blog da Helena Rios","description":"Conhe\u00e7a a hist\u00f3ria de Helena Teixeira Rios, trabalha com arte e arquitetura. Elabora trabalhos fotogr\u00e1ficos com foco na arte e exp\u00f5e em seu blog artigos e coment\u00e1rios sobre arte, arquitetura, artistas, recomenda\u00e7\u00e3o de exposi\u00e7\u00f5es, livros e filmes.","robots":{"index":"index","follow":"follow","max-snippet":"max-snippet:-1","max-image-preview":"max-image-preview:large","max-video-preview":"max-video-preview:-1"},"canonical":"https:\/\/helenateixeirarios.com\/blog\/sobre-helena-teixeira-rios\/","og_locale":"pt_BR","og_type":"article","og_title":"Helena Teixeira Rios","og_description":"Conhe\u00e7a a hist\u00f3ria de Helena Teixeira Rios, trabalha com arte e arquitetura. Elabora trabalhos fotogr\u00e1ficos com foco na arte e exp\u00f5e em seu blog artigos e coment\u00e1rios sobre arte, arquitetura, artistas, recomenda\u00e7\u00e3o de exposi\u00e7\u00f5es, livros e filmes.","og_url":"https:\/\/helenateixeirarios.com\/blog\/sobre-helena-teixeira-rios\/","og_site_name":"blog da Helena Rios","article_publisher":"https:\/\/www.facebook.com\/helena.teixeirarios","article_modified_time":"2021-05-29T12:06:28+00:00","twitter_card":"summary_large_image","twitter_misc":{"Est. tempo de leitura":"8 minutos"},"schema":{"@context":"https:\/\/schema.org","@graph":[{"@type":"WebPage","@id":"https:\/\/helenateixeirarios.com\/blog\/sobre-helena-teixeira-rios\/","url":"https:\/\/helenateixeirarios.com\/blog\/sobre-helena-teixeira-rios\/","name":"Helena Teixeira Rios - blog da Helena Rios","isPartOf":{"@id":"https:\/\/helenateixeirarios.com\/blog\/#website"},"datePublished":"2018-06-28T19:57:46+00:00","dateModified":"2021-05-29T12:06:28+00:00","description":"Conhe\u00e7a a hist\u00f3ria de Helena Teixeira Rios, trabalha com arte e arquitetura. Elabora trabalhos fotogr\u00e1ficos com foco na arte e exp\u00f5e em seu blog artigos e coment\u00e1rios sobre arte, arquitetura, artistas, recomenda\u00e7\u00e3o de exposi\u00e7\u00f5es, livros e filmes.","breadcrumb":{"@id":"https:\/\/helenateixeirarios.com\/blog\/sobre-helena-teixeira-rios\/#breadcrumb"},"inLanguage":"pt-BR","potentialAction":[{"@type":"ReadAction","target":["https:\/\/helenateixeirarios.com\/blog\/sobre-helena-teixeira-rios\/"]}]},{"@type":"BreadcrumbList","@id":"https:\/\/helenateixeirarios.com\/blog\/sobre-helena-teixeira-rios\/#breadcrumb","itemListElement":[{"@type":"ListItem","position":1,"name":"In\u00edcio","item":"https:\/\/helenateixeirarios.com\/blog\/"},{"@type":"ListItem","position":2,"name":"Helena Teixeira Rios"}]},{"@type":"WebSite","@id":"https:\/\/helenateixeirarios.com\/blog\/#website","url":"https:\/\/helenateixeirarios.com\/blog\/","name":"Blog da Helena Rios","description":"","potentialAction":[{"@type":"SearchAction","target":{"@type":"EntryPoint","urlTemplate":"https:\/\/helenateixeirarios.com\/blog\/?s={search_term_string}"},"query-input":{"@type":"PropertyValueSpecification","valueRequired":true,"valueName":"search_term_string"}}],"inLanguage":"pt-BR"}]}},"_links":{"self":[{"href":"https:\/\/helenateixeirarios.com\/blog\/wp-json\/wp\/v2\/pages\/2","targetHints":{"allow":["GET"]}}],"collection":[{"href":"https:\/\/helenateixeirarios.com\/blog\/wp-json\/wp\/v2\/pages"}],"about":[{"href":"https:\/\/helenateixeirarios.com\/blog\/wp-json\/wp\/v2\/types\/page"}],"author":[{"embeddable":true,"href":"https:\/\/helenateixeirarios.com\/blog\/wp-json\/wp\/v2\/users\/1"}],"replies":[{"embeddable":true,"href":"https:\/\/helenateixeirarios.com\/blog\/wp-json\/wp\/v2\/comments?post=2"}],"version-history":[{"count":11,"href":"https:\/\/helenateixeirarios.com\/blog\/wp-json\/wp\/v2\/pages\/2\/revisions"}],"predecessor-version":[{"id":768,"href":"https:\/\/helenateixeirarios.com\/blog\/wp-json\/wp\/v2\/pages\/2\/revisions\/768"}],"wp:attachment":[{"href":"https:\/\/helenateixeirarios.com\/blog\/wp-json\/wp\/v2\/media?parent=2"}],"curies":[{"name":"wp","href":"https:\/\/api.w.org\/{rel}","templated":true}]}}